{"id":34,"date":"2024-02-25T14:39:38","date_gmt":"2024-02-25T13:39:38","guid":{"rendered":"http:\/\/p662430.webspaceconfig.de\/?page_id=34"},"modified":"2024-05-14T10:14:07","modified_gmt":"2024-05-14T08:14:07","slug":"mitgliedschaften","status":"publish","type":"page","link":"https:\/\/www.apelt-gmbh.de\/de\/unternehmen\/mitgliedschaften\/","title":{"rendered":"Mitgliedschaften"},"content":{"rendered":"\n<h1 class=\"wp-block-heading\">Mitgliedschaften<\/h1>\n\n\n\n<p>Um am Markt erfolgreich zu sein, geh\u00f6rt ein stetiger Austausch zwischen verschiedenen namhaften Verb\u00e4nden und Gesch\u00e4ftspartnern zum Alltag. Daher ist Apelt langj\u00e4hriges Mitglied in namhaften Fachverb\u00e4nden.<\/p>\n\n\n\n<h2 class=\"wp-block-heading\">SCE A<\/h2>\n\n\n\n<figure class=\"wp-block-image size-full\"><img loading=\"lazy\" decoding=\"async\" width=\"150\" height=\"53\" src=\"https:\/\/www.apelt-gmbh.de\/wp-content\/uploads\/2024\/05\/logo-sce-a-150px.png\" alt=\"\" class=\"wp-image-694\" title=\"Mitgliedschaft im SPACE\"\/><\/figure>\n\n\n\n<p>Die SPACE Organisation wurde im Juni 2007 gegr\u00fcndet, um die Wettbewerbsf\u00e4higkeit, Stabilit\u00e4t und Agilit\u00e4t der europ\u00e4ischen Zulieferkette zu steigern. Damit soll auf die neuen Herausforderungen sowie den erforderlichen Strukturwandel vorbereitet werden. Knapp 10 Jahre sp\u00e4ter, im Dezember 2016, wurde der SPACE Deutschland e. V. gegr\u00fcndet. Bei der Gr\u00fcndung wurde das Ziel gesetzt, dass die industrielle Leistungsf\u00e4higkeit der deutschen Luftfahrtindustrie und den dazugeh\u00f6rigen Zulieferern kontinuierlich und nachhaltig verbessert wird. Im Juli 2021 erfolgte die Namens\u00e4nderung zu \u201eSCE A Deutschland e.V.\u201c.<\/p>\n\n\n\n<h2 class=\"wp-block-heading\">BDLI<\/h2>\n\n\n\n<figure class=\"wp-block-image size-full\"><img loading=\"lazy\" decoding=\"async\" width=\"150\" height=\"69\" src=\"https:\/\/www.apelt-gmbh.de\/wp-content\/uploads\/2024\/05\/bdli-apelt.jpg\" alt=\"\" class=\"wp-image-690\" title=\"Mitgliedschaft im BDLI\"\/><\/figure>\n\n\n\n<p>Der Bundesverband der Deutschen Luft- und Raumfahrtindustrie e. V. (BDLI ) vertritt die Interessen einer Branche, die sich durch weltweiten Erfolg und internationale Technologief\u00fchrerschaft auszeichnet. Die prim\u00e4ren Aufgaben des BDLI sind sowohl die Kommunikation mit politischen Institutionen, Beh\u00f6rden, Verb\u00e4nden und ausl\u00e4ndischen Vertretungen in Deutschland als auch verschiedenste Mitglieder-Serviceleistungen im In- und Ausland.<\/p>\n","protected":false},"excerpt":{"rendered":"<p>Um am Markt erfolgreich zu sein, geh\u00f6rt ein stetiger Austausch zwischen verschiedenen namhaften Verb\u00e4nden und Partnern zum Alltag.<\/p>\n","protected":false},"author":1,"featured_media":235,"parent":8,"menu_order":32,"comment_status":"closed","ping_status":"closed","template":"template-sidebar.php","meta":{"_acf_changed":false,"footnotes":""},"categories":[],"tags":[],"class_list":["post-34","page","type-page","status-publish","has-post-thumbnail","hentry"],"acf":[],"_links":{"self":[{"href":"https:\/\/www.apelt-gmbh.de\/de\/wp-json\/wp\/v2\/pages\/34","targetHints":{"allow":["GET"]}}],"collection":[{"href":"https:\/\/www.apelt-gmbh.de\/de\/wp-json\/wp\/v2\/pages"}],"about":[{"href":"https:\/\/www.apelt-gmbh.de\/de\/wp-json\/wp\/v2\/types\/page"}],"author":[{"embeddable":true,"href":"https:\/\/www.apelt-gmbh.de\/de\/wp-json\/wp\/v2\/users\/1"}],"replies":[{"embeddable":true,"href":"https:\/\/www.apelt-gmbh.de\/de\/wp-json\/wp\/v2\/comments?post=34"}],"version-history":[{"count":6,"href":"https:\/\/www.apelt-gmbh.de\/de\/wp-json\/wp\/v2\/pages\/34\/revisions"}],"predecessor-version":[{"id":696,"href":"https:\/\/www.apelt-gmbh.de\/de\/wp-json\/wp\/v2\/pages\/34\/revisions\/696"}],"up":[{"embeddable":true,"href":"https:\/\/www.apelt-gmbh.de\/de\/wp-json\/wp\/v2\/pages\/8"}],"wp:featuredmedia":[{"embeddable":true,"href":"https:\/\/www.apelt-gmbh.de\/de\/wp-json\/wp\/v2\/media\/235"}],"wp:attachment":[{"href":"https:\/\/www.apelt-gmbh.de\/de\/wp-json\/wp\/v2\/media?parent=34"}],"wp:term":[{"taxonomy":"category","embeddable":true,"href":"https:\/\/www.apelt-gmbh.de\/de\/wp-json\/wp\/v2\/categories?post=34"},{"taxonomy":"post_tag","embeddable":true,"href":"https:\/\/www.apelt-gmbh.de\/de\/wp-json\/wp\/v2\/tags?post=34"}],"curies":[{"name":"wp","href":"https:\/\/api.w.org\/{rel}","templated":true}]}}